{"id":388,"date":"2016-06-03T11:52:19","date_gmt":"2016-06-03T09:52:19","guid":{"rendered":"http:\/\/ndrorchesterakademie.de\/?page_id=388"},"modified":"2024-09-25T19:45:30","modified_gmt":"2024-09-25T17:45:30","slug":"unsere-akademisten-3","status":"publish","type":"page","link":"https:\/\/ndrorchesterakademie.de\/?page_id=388","title":{"rendered":"Saison 2023\/ 2024"},"content":{"rendered":"<p><img loading=\"lazy\" decoding=\"async\" class=\"aligncenter wp-image-2201 \" src=\"https:\/\/ndrorchesterakademie.de\/wp-content\/uploads\/2023\/09\/IMG_0445-300x200.jpg\" alt=\"\" width=\"651\" height=\"434\" srcset=\"https:\/\/ndrorchesterakademie.de\/wp-content\/uploads\/2023\/09\/IMG_0445-300x200.jpg 300w, https:\/\/ndrorchesterakademie.de\/wp-content\/uploads\/2023\/09\/IMG_0445-1024x683.jpg 1024w, https:\/\/ndrorchesterakademie.de\/wp-content\/uploads\/2023\/09\/IMG_0445-768x512.jpg 768w, https:\/\/ndrorchesterakademie.de\/wp-content\/uploads\/2023\/09\/IMG_0445-1536x1024.jpg 1536w, https:\/\/ndrorchesterakademie.de\/wp-content\/uploads\/2023\/09\/IMG_0445-2048x1365.jpg 2048w\" sizes=\"auto, (max-width: 651px) 100vw, 651px\" \/>Foto: Katharina K\u00fchl<\/p>\n<p><strong><span style=\"color: #99cc00;\">Violine:<\/span><\/strong><\/p>\n<p>Dorothea Gehrke, Martina De Luca, Johannes Tentschert, Ayano Kimura<\/p>\n<p><strong><span style=\"color: #99cc00;\">Viola:<\/span><\/strong><\/p>\n<p>\u0141ucja Jasku\u0142a, Louis Xuhaoran Zhang<\/p>\n<p><strong><span style=\"color: #99cc00;\">Violoncello:<\/span><\/strong><\/p>\n<p>Clara Eglhuber, Filip Mikulski<\/p>\n<p><strong><span style=\"color: #99cc00;\">Kontrabass:<\/span><\/strong><\/p>\n<p>Daniel Matthewes, Yi Wei<\/p>\n<p><strong><span style=\"color: #99cc00;\">Horn:<\/span><\/strong><\/p>\n<p>Brendan Connellan<\/p>\n<p><strong><span style=\"color: #99cc00;\">Oboe:<\/span><\/strong><\/p>\n<p>Leonid Surkov<\/p>\n<p><strong><span style=\"color: #99cc00;\">Klarinette:<\/span><\/strong><\/p>\n<p>Charlotte Stitz<\/p>\n<p><strong><span style=\"color: #99cc00;\">Harfe:<\/span><\/strong><\/p>\n<p>Mitsumi Okamoto<\/p>\n\n\n<p><\/p>\n","protected":false},"excerpt":{"rendered":"<p>Foto: Katharina K\u00fchl Violine: Dorothea Gehrke, Martina De Luca, Johannes Tentschert, Ayano Kimura Viola: \u0141ucja Jasku\u0142a, Louis Xuhaoran Zhang Violoncello: Clara Eglhuber, Filip Mikulski Kontrabass: Daniel Matthewes, Yi Wei Horn: Brendan Connellan Oboe: Leonid Surkov Klarinette: Charlotte Stitz Harfe: Mitsumi Okamoto<\/p>\n","protected":false},"author":4,"featured_media":0,"parent":1783,"menu_order":0,"comment_status":"closed","ping_status":"closed","template":"","meta":{"footnotes":""},"class_list":["post-388","page","type-page","status-publish","hentry"],"_links":{"self":[{"href":"https:\/\/ndrorchesterakademie.de\/index.php?rest_route=\/wp\/v2\/pages\/388","targetHints":{"allow":["GET"]}}],"collection":[{"href":"https:\/\/ndrorchesterakademie.de\/index.php?rest_route=\/wp\/v2\/pages"}],"about":[{"href":"https:\/\/ndrorchesterakademie.de\/index.php?rest_route=\/wp\/v2\/types\/page"}],"author":[{"embeddable":true,"href":"https:\/\/ndrorchesterakademie.de\/index.php?rest_route=\/wp\/v2\/users\/4"}],"replies":[{"embeddable":true,"href":"https:\/\/ndrorchesterakademie.de\/index.php?rest_route=%2Fwp%2Fv2%2Fcomments&post=388"}],"version-history":[{"count":186,"href":"https:\/\/ndrorchesterakademie.de\/index.php?rest_route=\/wp\/v2\/pages\/388\/revisions"}],"predecessor-version":[{"id":2344,"href":"https:\/\/ndrorchesterakademie.de\/index.php?rest_route=\/wp\/v2\/pages\/388\/revisions\/2344"}],"up":[{"embeddable":true,"href":"https:\/\/ndrorchesterakademie.de\/index.php?rest_route=\/wp\/v2\/pages\/1783"}],"wp:attachment":[{"href":"https:\/\/ndrorchesterakademie.de\/index.php?rest_route=%2Fwp%2Fv2%2Fmedia&parent=388"}],"curies":[{"name":"wp","href":"https:\/\/api.w.org\/{rel}","templated":true}]}}